{"id":28,"date":"2016-02-02T05:37:41","date_gmt":"2016-02-02T05:37:41","guid":{"rendered":"https:\/\/ugdymaslauke.lt\/?page_id=28"},"modified":"2019-10-11T12:49:22","modified_gmt":"2019-10-11T12:49:22","slug":"seminarai","status":"publish","type":"page","link":"https:\/\/ugdymaslauke.lt\/?page_id=28","title":{"rendered":"\u017dilvinas Karpis"},"content":{"rendered":"<p><span style=\"font-weight: 400;\"><img loading=\"lazy\" decoding=\"async\" data-attachment-id=\"601\" data-permalink=\"https:\/\/ugdymaslauke.lt\/?attachment_id=601\" data-orig-file=\"https:\/\/ugdymaslauke.lt\/wp-content\/uploads\/2016\/02\/Zilvinas-Karpis.jpg\" data-orig-size=\"3266,4897\" data-comments-opened=\"1\" data-image-meta=\"{&quot;aperture&quot;:&quot;0&quot;,&quot;credit&quot;:&quot;&quot;,&quot;camera&quot;:&quot;&quot;,&quot;caption&quot;:&quot;&quot;,&quot;created_timestamp&quot;:&quot;0&quot;,&quot;copyright&quot;:&quot;&quot;,&quot;focal_length&quot;:&quot;0&quot;,&quot;iso&quot;:&quot;0&quot;,&quot;shutter_speed&quot;:&quot;0&quot;,&quot;title&quot;:&quot;&quot;,&quot;orientation&quot;:&quot;1&quot;}\" data-image-title=\"Zilvinas Karpis\" data-image-description=\"\" data-image-caption=\"\" data-medium-file=\"https:\/\/ugdymaslauke.lt\/wp-content\/uploads\/2016\/02\/Zilvinas-Karpis-200x300.jpg\" data-large-file=\"https:\/\/ugdymaslauke.lt\/wp-content\/uploads\/2016\/02\/Zilvinas-Karpis-683x1024.jpg\" class=\"size-medium wp-image-601 alignright\" src=\"https:\/\/ugdymaslauke.lt\/wp-content\/uploads\/2016\/02\/Zilvinas-Karpis-200x300.jpg\" alt=\"Zilvinas Karpis\" width=\"200\" height=\"300\" srcset=\"https:\/\/ugdymaslauke.lt\/wp-content\/uploads\/2016\/02\/Zilvinas-Karpis-200x300.jpg 200w, https:\/\/ugdymaslauke.lt\/wp-content\/uploads\/2016\/02\/Zilvinas-Karpis-768x1152.jpg 768w, https:\/\/ugdymaslauke.lt\/wp-content\/uploads\/2016\/02\/Zilvinas-Karpis-683x1024.jpg 683w\" sizes=\"(max-width: 200px) 100vw, 200px\" \/>Pirmojo Lauko dar\u017eelio Lietuvoje ir pradin\u0117s mokyklos \u012fk\u016br\u0117jas ir vadovas, Vilniaus kolegijos lektorius, \u012fgij\u0119s tarptautin\u012f lauko pedagogo laipsn\u012f Jungtin\u0117je Karalyst\u0117je. Id\u0117j\u0105 miesto vaikus ugdyti parkuose, leid\u017eiant jiems beveik vis\u0105 dien\u0105 b\u016bti gamtoje, parsive\u017e\u0117 i\u0161 \u0160vedijos \u2013 ten da\u017enai lankydavosi komandiruo\u010di\u0173 metu. Kur\u012f laik\u0105 nes\u0117kmingai ie\u0161koj\u0119s pana\u0161aus dar\u017eelio Lietuvoje, nusprend\u0117 darb\u0105 skandinav\u0173 kapitalo \u012fmon\u0117je i\u0161keisti \u012f sveikesn\u0119, k\u016brybi\u0161kesn\u0119 ateit\u012f dviem savo vaikams.<\/span><\/p>\n<p><span style=\"font-weight: 400;\">Prad\u0117j\u0119s nuo keli\u0173 vaik\u0173 dar\u017eelio Pavilni\u0173 regioniniame parke, greitai suprato, kad ugdymo gamtoje filosofija sub\u016br\u0117 didel\u0119 \u0161eim\u0173 bendruomen\u0119. Taip atsirado Lauko dar\u017eelio filialai \u0104\u017euolyno parke Kaune ir Vingio parke sostin\u0117je. Ie\u0161kodamas lauko pedagogikos ekspert\u0173, kaupdamas teorines ir praktines \u017einias apie \u0161i\u0105 ugdymo srit\u012f, \u017d. Karpis i\u0161mai\u0161\u0117 pus\u0119 Europos. Tyrin\u0117jo lauko dar\u017eelius, lauko mokyklas, tradicines \u0161vietimo \u012fstaigas su specialiomis lauko grup\u0117mis arba u\u017esidegusiais lauko pedagogais Islandijoje, Norvegijoje, \u0160vedijoje, Estijoje, Did\u017eiojoje Britanijoje, Olandijoje, Vokietijoje, Lenkijoje, Austrijoje, \u010cekijoje, Slovakijoje, Ispanijoje, Graikijoje, Turkijoje.<\/span><\/p>\n<p><span style=\"font-weight: 400;\">\u201eLauko dar\u017eelis \u2013 pirmasis, dr\u0105siausias lauko pedagogikos bandytojas, tai darantis visu paj\u0117gumu ir i\u0161 esm\u0117s\u201c, \u2013 sako lauko pedagogikos id\u0117jos skleid\u0117jas, skaitantis paskaitas, rengiantis seminarus Lietuvoje ir u\u017esienyje, da\u017enai \u012f Lietuv\u0105 pasikvie\u010diantis \u0161ios srities \u017einov\u0173 i\u0161 kit\u0173 \u0161ali\u0173.<\/span><\/p>\n<p><span style=\"font-weight: 400;\">Teigiam\u0105 \u0161io netradicinio dar\u017eelio poveik\u012f pirmiausia pajuto jo \u012fk\u016br\u0117jo vaikai. Lauko dar\u017eelio vadovui atrodo svarbu tyrin\u0117ti ugdymo lauke poveik\u012f vaikams \u2013 taip gimsta aukl\u0117toj\u0173 apklausos apie \u017eygiuose dalyvaujan\u010di\u0173 dar\u017eelinuk\u0173 fizinius bei emocinius poky\u010dius, bendradarbiavimas su \u0161alies auk\u0161tojo mokslo \u012fstaigomis, gamtininkais.<\/span><\/p>\n<p><span style=\"font-weight: 400;\">Lauko dar\u017eelio komanda pama\u017eu kei\u010dia ir valstybini\u0173 institucij\u0173 po\u017ei\u016br\u012f \u012f ugdym\u0105 lauke, pripa\u017e\u012fstant j\u012f naudingu auginant sveik\u0105, laisv\u0105, k\u016brybing\u0105, savaranki\u0161k\u0105 vaik\u0105. I\u0161 dr\u0105sios id\u0117jos i\u0161aug\u0119s dar\u017eelis tampa matomas ir tarptautin\u0117je bendruomen\u0117je. \u0160i\u0173 tiksl\u0173 pasiek\u0119s \u017d. Karpis tikisi, kad ateityje lauko pedagogika bus \u012fprasta ir valstybiniams dar\u017eeliams.<\/span><\/p>\n<p><span style=\"font-weight: 400;\">\u0160iuo metu jis priklauso Lietuvos sveikuoli\u0173 s\u0105jungos valdybai, o savo baigt\u0173 moksl\u0173 s\u0105ra\u0161e turi dar ir kompozitoriaus diplom\u0105.<\/span><\/p>\n<h4 style=\"text-align: center;\"><a href=\"https:\/\/ugdymaslauke.lt\/?page_id=2\" target=\"_blank\" rel=\"noopener noreferrer\"><strong>Ie\u0161koti artimiausio seminaro<\/strong><\/a><\/h4>\n<p style=\"text-align: center;\"><strong>Skaityti prane\u0161imai vie\u0161uose renginiuose Lietuvoje ir u\u017esienyje:<\/strong><\/p>\n<p>2019 m. spalio 19 d. prane\u0161imas &#8220;Lithuania outdoors&#8221; konferencijoje &#8220;Education Naturally&#8221; Bialystok (Lenkija)<\/p>\n<p>2019 m. gegu\u017e\u0117s 4 d. prane\u0161imai &#8220;Organizational Leadership&#8221; konferencijoje &#8220;Children Worldwide Hand in Hand&#8221; Ziuriche (\u0160veicarija)<\/p>\n<p style=\"text-align: center;\">2019 m. baland\u017eio 18 d. prane\u0161imas &#8220;Lauko pedagogikos metodo taikymas&#8221; konferencijoje &#8220;Profesionalaus mokytojo formul\u0117&#8221; Vilniuje<\/p>\n<p style=\"text-align: center;\">2018 m. lapkri\u010dio 18 d. prane\u0161imas &#8220;Ugdymo lauke id\u0117jos sklaida Lietuvoje \u0161iandien&#8221; tarptautin\u0117je konferencijoje &#8220;The forest school approach and outdoor education&#8221; Tarsus (Turkija)<\/p>\n<p style=\"text-align: center;\">2018 m. gegu\u017e\u0117s 10 d. prane\u0161imas &#8220;Darnus ugdymas &#8211; pa\u017eangi visuomen\u0117&#8221; tarptautin\u0117je konferencijoje &#8220;Auk\u0161tojo mokslo ir veiklos pasaulio bendradarbiavimas: tvarumas, inovatyvumas ir k\u016brybingumas&#8221; Vilniaus kolegijoje<\/p>\n<p style=\"text-align: center;\">2018 m. kovo 26 d. prane\u0161imas &#8220;Nature schools in the Baltic countries&#8221; konferencijoje &#8220;4th Edna gathering: National Association of Nature Education&#8221;\u00a0Oleiros, A Coru\u00f1a (Spain)<\/p>\n<p style=\"text-align: center;\">2018 m. kovo 24 d. prane\u0161imas &#8220;The management of resources and<br \/>\ntalents in nature schools: Funding, human resources and leadership&#8221; tarptautiniuose mokymuose &#8220;Nature education projects: management of emotions and talents&#8221;\u00a0Oleiros, A Coru\u00f1a (Spain)<\/p>\n<p style=\"text-align: center;\">2017 m. baland\u017eio 28 d. prane\u0161imas &#8220;Vaik\u0173 dar\u017eelis lauke&#8221; seminare \u201eSocialin\u0117 ekologija ir bendruomen\u0117s vaidmuo kuriant kitok\u012f vaik\u0173 dar\u017eel\u012f\u201c Kauno Valdorfo dar\u017eelyje \u201e\u0160altin\u0117lis\u201c<\/p>\n<p style=\"text-align: center;\">2017 m. baland\u017eio 6 d. prane\u0161imas &#8220;Vaik\u0173 saugumo lauke ribos&#8221; konferencijoje &#8220;Ankstyvasis saugaus eismo ugdymas &#8211; investicija \u012f vaiko, kaip atsakingo keliautojo ateit\u012f&#8221; Vilniaus miesto savivaldyb\u0117je<\/p>\n<p style=\"text-align: center;\">2017 m. sausio 28 d. prane\u0161imas &#8220;Patirtinis ugdymas&#8221; konferencijoje &#8220;Ankstyvasis ugdymas &#8211; investicija \u012f vaiko, kaip valstyb\u0117s pilie\u010dio, ateit\u012f&#8221; Vilniaus mokytoj\u0173 namuose<\/p>\n<p style=\"text-align: center;\">2016 m. gruod\u017eio 8 d. prane\u0161imas &#8220;Ugdymas lauke prakti\u0161kai&#8221; konferencijoje \u201eIkimokyklinio ir prie\u0161mokyklinio ugdymo pedagog\u0173 rengimo problematika\u201c Kauno kolegijoje<\/p>\n<p style=\"text-align: center;\">2016 m. gegu\u017e\u0117s 25\u00a0d. prane\u0161imas &#8220;Outdoor Kindergarten&#8221; tarptautin\u0117je konferencijoje &#8220;Tallinn University Rakvere College 8th International Conference of Outdoor Pedagogy&#8221; Aqva Hotel &amp; Spa Conference Centre, Rakvere (Estija)<\/p>\n<p style=\"text-align: center;\">2016 m. vasario 8 d. prane\u0161imas &#8220;Kaip prisijaukinti lauk\u0105&#8221; konferencijoje &#8220;Ugdymas lauke: veikiame ir dalijam\u0117s&#8221; Vilniaus miesto savivaldyb\u0117je<\/p>\n<p style=\"text-align: center;\"><strong>Vesti seminarai:<\/strong><\/p>\n<p style=\"text-align: center;\">2019 m. rugpj\u016b\u010dio 10 d. Girai\u010diai (Mol\u0117t\u0173 raj.)<br \/>\n2019 m. rugpj\u016b\u010dio 9 d. Girai\u010diai (Mol\u0117t\u0173 raj.)<br \/>\n2019 m. bir\u017eelio 7 d. Alytuje<br \/>\n2019 m. kovo 21 d. Marijampol\u0117je<br \/>\n2018 m. lapkri\u010dio 20 d. Adana (Turkija)<br \/>\n2018 m. spalio 27 d. Vilniuje<br \/>\n2018 m. bir\u017eelio 16 d. Vilniuje<br \/>\n2017 m. spalio 1 d. Vilniuje<br \/>\n2017 m. rugs\u0117jo 30 d. Vilniuje<br \/>\n2016 m. spalio 18 d.\u00a0Ma\u017eeikiuose<br \/>\n2016 m. gegu\u017e\u0117s 18 d. Vilniuje<br \/>\n2016 m. gegu\u017e\u0117s 17 d. Mariampol\u0117je<br \/>\n2016 m. gegu\u017e\u0117s 5 d. Kaune<br \/>\n2016 m. gegu\u017e\u0117s 4 d. Bir\u017euose<br \/>\n2016 m. baland\u017eio 20 d. K\u0117dainiuose<br \/>\n2016 m. baland\u017eio 17 d. Marijampol\u0117je<br \/>\n2016 m. baland\u017eio 14 d. Nem\u0117\u017eyje<br \/>\n2016 m. baland\u017eio 7 d. Vilniuje<br \/>\n2016 m. kovo 31 d. Vilniuje<br \/>\n2016 m. kovo 24 d. Kaune<br \/>\n2016 m. kovo 16 d. Vilniuje<br \/>\n2016 m. sausio 30 d. Tartu (Estija)<br \/>\n2015 m. spalio 14 d. Vilniuje<\/p>\n<p style=\"text-align: center;\"><strong>Tarptautini\u0173 projekt\u0173 dalyvis<\/strong><\/p>\n<p>2017-1-LT01-KA101-034856, Ikimokyklinio ugdymo pedagog\u0173 kvalifikacijos k\u0117limas lauko pedagogikos srityje, 2017, trukm\u0117: 12 m\u0117n<\/p>\n<p>2017-1-LT01-KA219-035261_1, Outdoor learning &#8211; the way to understand each other better, 2017, trukm\u0117 24 m\u0117n.<\/p>\n<p>2017-1-CZ01-KA201-035499, Innovative education in outdoor kindergartens, 2017, trukm\u0117 24 m\u0117n.<\/p>\n<p>2018-1-LT01-KA101-046888, Vyro aukl\u0117tojo vaidmuo kuriant \u0161eimos model\u012f lauko dar\u017eelyje, 2018 m., trukm\u0117 12 m\u0117n.<\/p>\n<p>2018-1-LT01-KA229-047074, Preschools Community Strengthening based on outdoor learning and culture differences, 2018 m., 24 m\u0117n.<\/p>\n<h4 style=\"text-align: center;\"><strong><a href=\"https:\/\/ugdymaslauke.lt\/?page_id=2\" target=\"_blank\" rel=\"noopener noreferrer\">Ie\u0161koti artimiausio seminaro<\/a><\/strong><\/h4>\n","protected":false},"excerpt":{"rendered":"<p>Pirmojo Lauko dar\u017eelio Lietuvoje ir pradin\u0117s mokyklos \u012fk\u016br\u0117jas ir vadovas, Vilniaus kolegijos lektorius, \u012fgij\u0119s tarptautin\u012f lauko pedagogo laipsn\u012f Jungtin\u0117je Karalyst\u0117je. Id\u0117j\u0105 miesto vaikus ugdyti parkuose, leid\u017eiant jiems beveik vis\u0105 dien\u0105 b\u016bti gamtoje, parsive\u017e\u0117 i\u0161 \u0160vedijos \u2013 ten da\u017enai lankydavosi komandiruo\u010di\u0173 metu. Kur\u012f laik\u0105 nes\u0117kmingai ie\u0161koj\u0119s pana\u0161aus dar\u017eelio Lietuvoje, nusprend\u0117 darb\u0105 skandinav\u0173 kapitalo \u012fmon\u0117je i\u0161keisti \u012f [&hellip;]<\/p>\n","protected":false},"author":1,"featured_media":0,"parent":1225,"menu_order":0,"comment_status":"closed","ping_status":"closed","template":"","meta":{"jetpack_post_was_ever_published":false,"footnotes":""},"jetpack_sharing_enabled":true,"jetpack_shortlink":"https:\/\/wp.me\/P71AQ4-s","jetpack-related-posts":[],"jetpack_likes_enabled":true,"_links":{"self":[{"href":"https:\/\/ugdymaslauke.lt\/index.php?rest_route=\/wp\/v2\/pages\/28"}],"collection":[{"href":"https:\/\/ugdymaslauke.lt\/index.php?rest_route=\/wp\/v2\/pages"}],"about":[{"href":"https:\/\/ugdymaslauke.lt\/index.php?rest_route=\/wp\/v2\/types\/page"}],"author":[{"embeddable":true,"href":"https:\/\/ugdymaslauke.lt\/index.php?rest_route=\/wp\/v2\/users\/1"}],"replies":[{"embeddable":true,"href":"https:\/\/ugdymaslauke.lt\/index.php?rest_route=%2Fwp%2Fv2%2Fcomments&post=28"}],"version-history":[{"count":73,"href":"https:\/\/ugdymaslauke.lt\/index.php?rest_route=\/wp\/v2\/pages\/28\/revisions"}],"predecessor-version":[{"id":1684,"href":"https:\/\/ugdymaslauke.lt\/index.php?rest_route=\/wp\/v2\/pages\/28\/revisions\/1684"}],"up":[{"embeddable":true,"href":"https:\/\/ugdymaslauke.lt\/index.php?rest_route=\/wp\/v2\/pages\/1225"}],"wp:attachment":[{"href":"https:\/\/ugdymaslauke.lt\/index.php?rest_route=%2Fwp%2Fv2%2Fmedia&parent=28"}],"curies":[{"name":"wp","href":"https:\/\/api.w.org\/{rel}","templated":true}]}}